{"id":75,"date":"2021-05-09T13:10:09","date_gmt":"2021-05-09T13:10:09","guid":{"rendered":"https:\/\/www.scoaladualasibiu.ro\/?page_id=75"},"modified":"2021-06-04T10:23:29","modified_gmt":"2021-06-04T07:23:29","slug":"blog","status":"publish","type":"page","link":"https:\/\/www.scoaladualasibiu.ro\/noutati\/","title":{"rendered":"Pagina Principal\u0103"},"content":{"rendered":"\n<div class=\"alignfull wp-block-ugb-blog-posts ugb-blog-posts ugb-76265cd ugb-blog-posts--v2 ugb-blog-posts--design-list ugb-blog-posts--columns-2 ugb-main-block ugb--has-custom-content-width-tablet ugb--has-custom-content-width-mobile ugb-main-block--inner-wide ugb--has-block-background\"><style>.ugb-76265cd .ugb-blog-posts__title a{color:#313131 !important}.ugb-76265cd .ugb-blog-posts__title a:hover{opacity:0.8}.ugb-76265cd .ugb-blog-posts__meta{font-family:\"Lato\",Sans-serif !important;color:#9d9d9d !important}.ugb-76265cd.ugb-blog-posts{justify-content:flex-start;background-color:rgba(255,255,255,1)}.ugb-76265cd{padding:0 !important}.ugb-76265cd.ugb-blog-posts:before{background-color:#FFFFFF}.ugb-76265cd .ugb-block-title{color:var(--stk-global-color-88711,#313131);text-align:left;margin-bottom:15px !important}@media screen and (min-width:768px){.ugb-76265cd.ugb-blog-posts{margin-bottom:0px !important;padding-top:5% !important;padding-right:11% !important;padding-bottom:5% !important;padding-left:11% !important}}@media screen and (max-width:1025px){.ugb-76265cd.ugb-blog-posts > .ugb-inner-block{min-width:auto !important;max-width:80% !important}}@media screen and (max-width:768px){.ugb-76265cd.ugb-blog-posts{padding-right:18px !important;padding-left:20px !important}.ugb-76265cd.ugb-blog-posts > .ugb-inner-block{min-width:auto !important;max-width:90% !important}}@media screen and (min-width:768px){.ugb-76265cd > .ugb-inner-block > .ugb-block-content > *{padding-top:0px !important;padding-bottom:0px !important;padding-right:0px !important;padding-left:0px !important}}<\/style><div class=\"ugb-inner-block ugb-inner-block--wide\"><h2 class=\"ugb-block-title\"><strong>Nout\u0103\u021bi<\/strong><\/h2><div class=\"ugb-block-content\"><article class=\"ugb-blog-posts__item\"><figure class=\"ugb-blog-posts__featured-image ugb--shadow-3\"><a href=\"https:\/\/www.scoaladualasibiu.ro\/noutati\/noutati\/2022\/05\/11\/ziua-meseriilor-liceul-tehnologic-henri-coanda\/\"><img loading=\"lazy\" decoding=\"async\" width=\"492\" height=\"337\" src=\"https:\/\/www.scoaladualasibiu.ro\/wp\/wp-content\/uploads\/2022\/05\/liceu.png\" class=\"attachment-large size-large wp-post-image\" alt=\"\" srcset=\"https:\/\/www.scoaladualasibiu.ro\/wp\/wp-content\/uploads\/2022\/05\/liceu.png 492w, https:\/\/www.scoaladualasibiu.ro\/wp\/wp-content\/uploads\/2022\/05\/liceu-300x205.png 300w\" sizes=\"auto, (max-width: 492px) 100vw, 492px\" \/><\/a><\/figure><div class=\"ugb-blog-posts__content\"><h3 class=\"ugb-blog-posts__title\"><a href=\"https:\/\/www.scoaladualasibiu.ro\/noutati\/noutati\/2022\/05\/11\/ziua-meseriilor-liceul-tehnologic-henri-coanda\/\">Ziua meseriilor &#8211; Liceul Tehnologic &#8222;Henri Coand\u0103&#8221;<\/a><\/h3><aside class=\"entry-meta ugb-blog-posts__meta\"><time datetime=\"2022-05-11T11:42:09+03:00\" class=\"ugb-blog-posts__date\">mai 11, 2022<\/time><\/aside><div class=\"ugb-blog-posts__excerpt\"><p>Liceul Tehnologic \u201eHenri Coand\u0103\u201d Sibiu a primit vizita viitorilor absolven\u021bi ai claselor a VIII a,                    &#8230;<\/div><\/div><\/article><article class=\"ugb-blog-posts__item\"><figure class=\"ugb-blog-posts__featured-image ugb--shadow-3\"><a href=\"https:\/\/www.scoaladualasibiu.ro\/noutati\/noutati\/2022\/03\/14\/ziua-meseriilor-11-martie-2022\/\"><img loading=\"lazy\" decoding=\"async\" width=\"750\" height=\"393\" src=\"https:\/\/www.scoaladualasibiu.ro\/wp\/wp-content\/uploads\/2022\/03\/Banner_v3-1024x536.jpg\" class=\"attachment-large size-large wp-post-image\" alt=\"\" srcset=\"https:\/\/www.scoaladualasibiu.ro\/wp\/wp-content\/uploads\/2022\/03\/Banner_v3-1024x536.jpg 1024w, https:\/\/www.scoaladualasibiu.ro\/wp\/wp-content\/uploads\/2022\/03\/Banner_v3-300x157.jpg 300w, https:\/\/www.scoaladualasibiu.ro\/wp\/wp-content\/uploads\/2022\/03\/Banner_v3-768x402.jpg 768w, https:\/\/www.scoaladualasibiu.ro\/wp\/wp-content\/uploads\/2022\/03\/Banner_v3.jpg 1200w\" sizes=\"auto, (max-width: 750px) 100vw, 750px\" \/><\/a><\/figure><div class=\"ugb-blog-posts__content\"><h3 class=\"ugb-blog-posts__title\"><a href=\"https:\/\/www.scoaladualasibiu.ro\/noutati\/noutati\/2022\/03\/14\/ziua-meseriilor-11-martie-2022\/\">Ziua meseriilor &#8211; 11 Martie 2022<\/a><\/h3><aside class=\"entry-meta ugb-blog-posts__meta\"><time datetime=\"2022-03-14T13:06:45+03:00\" class=\"ugb-blog-posts__date\">martie 14, 2022<\/time><\/aside><div class=\"ugb-blog-posts__excerpt\"><p>Sibiu, 11 martie 2022. Asocia\u021bia Rom\u00e2no-German\u0103 pentru \u00cenv\u0103\u021b\u0103m\u00e2nt Profesional Dual Sibiu, \u00eempreun\u0103 cu Inspectoratul \u0218colar Sibiu \u0219i Prim\u0103ria Sibiu marcheaz\u0103 Ziua Na\u0163ional\u0103 a Meseriilor, instituit\u0103 prin Legea nr. 66\/2019. Aceast\u0103 zi reprezint\u0103 un bun prilej&#8230;<\/div><\/div><\/article><article class=\"ugb-blog-posts__item\"><figure class=\"ugb-blog-posts__featured-image ugb--shadow-3\"><a href=\"https:\/\/www.scoaladualasibiu.ro\/noutati\/noutati\/2021\/05\/19\/invitatie-la-targul-ofertelor-educationale-25-27-mai-2021\/\"><img loading=\"lazy\" decoding=\"async\" width=\"724\" height=\"1024\" src=\"https:\/\/www.scoaladualasibiu.ro\/wp\/wp-content\/uploads\/2021\/05\/Invitatie_high-quality-724x1024.png\" class=\"attachment-large size-large wp-post-image\" alt=\"\" srcset=\"https:\/\/www.scoaladualasibiu.ro\/wp\/wp-content\/uploads\/2021\/05\/Invitatie_high-quality-724x1024.png 724w, https:\/\/www.scoaladualasibiu.ro\/wp\/wp-content\/uploads\/2021\/05\/Invitatie_high-quality-212x300.png 212w, https:\/\/www.scoaladualasibiu.ro\/wp\/wp-content\/uploads\/2021\/05\/Invitatie_high-quality-768x1086.png 768w, https:\/\/www.scoaladualasibiu.ro\/wp\/wp-content\/uploads\/2021\/05\/Invitatie_high-quality-1086x1536.png 1086w, https:\/\/www.scoaladualasibiu.ro\/wp\/wp-content\/uploads\/2021\/05\/Invitatie_high-quality-1448x2048.png 1448w, https:\/\/www.scoaladualasibiu.ro\/wp\/wp-content\/uploads\/2021\/05\/Invitatie_high-quality-1568x2218.png 1568w\" sizes=\"auto, (max-width: 724px) 100vw, 724px\" \/><\/a><\/figure><div class=\"ugb-blog-posts__content\"><h3 class=\"ugb-blog-posts__title\"><a href=\"https:\/\/www.scoaladualasibiu.ro\/noutati\/noutati\/2021\/05\/19\/invitatie-la-targul-ofertelor-educationale-25-27-mai-2021\/\">Invita\u021bie la T\u00e2rgul Ofertelor Educa\u021bionale 25-27 Mai 2021<\/a><\/h3><aside class=\"entry-meta ugb-blog-posts__meta\"><time datetime=\"2021-05-19T09:56:37+03:00\" class=\"ugb-blog-posts__date\">mai 19, 2021<\/time><\/aside><\/div><\/article><\/div><\/div><\/div>\n\n\n\n<div class=\"alignfull wp-block-ugb-blog-posts ugb-blog-posts ugb-ed3ab77 ugb-blog-posts--v2 ugb-blog-posts--design-basic ugb-blog-posts--columns-3 ugb-main-block ugb--has-custom-content-width ugb--has-custom-content-width-tablet ugb--has-custom-content-width-mobile ugb-main-block--inner-wide ugb--has-block-background ugb--has-top-separator ugb--has-bottom-separator\" id=\"povesti-de-succes\"><style>.ugb-ed3ab77 .ugb-blog-posts__title a{color:#313131 !important}.ugb-ed3ab77 .ugb-blog-posts__title a:hover{opacity:0.8}.ugb-ed3ab77 .ugb-blog-posts__title{margin-bottom:13px !important}.ugb-ed3ab77 .ugb-blog-posts__excerpt,.ugb-ed3ab77 .ugb-blog-posts__excerpt p{font-size:19px !important}.ugb-ed3ab77 .ugb-blog-posts__excerpt{margin-bottom:-31px !important}.ugb-ed3ab77.ugb-blog-posts{background-color:#FFFFFF}.ugb-ed3ab77.ugb-blog-posts > .ugb-inner-block{min-width:auto !important;max-width:2466px !important}.ugb-ed3ab77.ugb-blog-posts:before{background-color:#FFFFFF}.ugb-ed3ab77 .ugb-top-separator svg{fill:#FFFFFF}.ugb-ed3ab77 .ugb-block-title{color:var(--stk-global-color-88711,#313131);text-align:left}@media screen and (min-width:768px){.ugb-ed3ab77.ugb-blog-posts{padding-top:5% !important;padding-right:11% !important;padding-bottom:5% !important;padding-left:11% !important}.ugb-ed3ab77 .ugb-top-separator .ugb-separator-wrapper{height:30px}.ugb-ed3ab77 .ugb-bottom-separator .ugb-separator-wrapper{height:65px}}@media screen and (max-width:1025px){.ugb-ed3ab77.ugb-blog-posts > .ugb-inner-block{min-width:auto !important;max-width:80% !important}}@media screen and (max-width:768px){.ugb-ed3ab77.ugb-blog-posts > .ugb-inner-block{min-width:auto !important;max-width:90% !important}}@media screen and (min-width:768px){.ugb-ed3ab77 > .ugb-inner-block > .ugb-block-content > *{padding-top:0px !important;padding-bottom:0px !important;padding-right:0px !important;padding-left:0px !important}}<\/style><div class=\"ugb-top-separator\"><div class=\"ugb-separator-wrapper\"><svg viewbox=\"0 0 1600 200\" filter=\"url(#slant-2-shadow_svg__a)\" enablebackground=\"new 0 0 1600 200\" xmlns=\"http:\/\/www.w3.org\/2000\/svg\" class=\"ugb-separator__shadow\" preserveaspectratio=\"none\" aria-hidden=\"true\"><filter id=\"slant-2-shadow_svg__a\"><feGaussianBlur in=\"SourceAlpha\" stddeviation=\"4\"><\/feGaussianBlur><feComponentTransfer><feFuncA type=\"linear\" slope=\"0.4\"><\/feFuncA><\/feComponentTransfer><feMerge><feMergeNode><\/feMergeNode><feMergeNode in=\"SourceGraphic\"><\/feMergeNode><\/feMerge><\/filter><path class=\"slant-2-shadow_svg__st1\" d=\"M1610 39.2v12L800 170.1-10 51.2v-12l810 118.9 810-118.9z\"><\/path><\/svg><svg viewbox=\"0 0 1600 200\" xmlns=\"http:\/\/www.w3.org\/2000\/svg\" class=\"ugb-separator__layer-1\" preserveaspectratio=\"none\" aria-hidden=\"true\"><path class=\"slant-2_svg__st1\" d=\"M1610 39.2V209H-10V39.2l810 118.9 810-118.9z\"><\/path><\/svg><\/div><\/div><div class=\"ugb-bottom-separator\"><div class=\"ugb-separator-wrapper\"><svg viewbox=\"0 0 1600 200\" filter=\"url(#slant-2-shadow_svg__a)\" enablebackground=\"new 0 0 1600 200\" xmlns=\"http:\/\/www.w3.org\/2000\/svg\" class=\"ugb-separator__shadow\" preserveaspectratio=\"none\" aria-hidden=\"true\"><filter id=\"slant-2-shadow_svg__a\"><feGaussianBlur in=\"SourceAlpha\" stddeviation=\"4\"><\/feGaussianBlur><feComponentTransfer><feFuncA type=\"linear\" slope=\"0.4\"><\/feFuncA><\/feComponentTransfer><feMerge><feMergeNode><\/feMergeNode><feMergeNode in=\"SourceGraphic\"><\/feMergeNode><\/feMerge><\/filter><path class=\"slant-2-shadow_svg__st1\" d=\"M1610 39.2v12L800 170.1-10 51.2v-12l810 118.9 810-118.9z\"><\/path><\/svg><svg viewbox=\"0 0 1600 200\" xmlns=\"http:\/\/www.w3.org\/2000\/svg\" class=\"ugb-separator__layer-1\" preserveaspectratio=\"none\" aria-hidden=\"true\"><path class=\"slant-2_svg__st1\" d=\"M1610 39.2V209H-10V39.2l810 118.9 810-118.9z\"><\/path><\/svg><\/div><\/div><div class=\"ugb-inner-block ugb-inner-block--wide\"><h2 class=\"ugb-block-title\"><strong>Pove\u0219ti de succes<\/strong><\/h2><div class=\"ugb-block-content\"><article class=\"ugb-blog-posts__item\"><div class=\"ugb-blog-posts__content\"><figure class=\"ugb-blog-posts__featured-image ugb--shadow-3\"><a href=\"https:\/\/www.scoaladualasibiu.ro\/noutati\/povesti-de-succes\/2022\/05\/11\/alina-drumul-meu-spre-liceul-potrivit\/\"><img loading=\"lazy\" decoding=\"async\" width=\"492\" height=\"337\" src=\"https:\/\/www.scoaladualasibiu.ro\/wp\/wp-content\/uploads\/2022\/05\/liceu.png\" class=\"attachment-large size-large wp-post-image\" alt=\"\" srcset=\"https:\/\/www.scoaladualasibiu.ro\/wp\/wp-content\/uploads\/2022\/05\/liceu.png 492w, https:\/\/www.scoaladualasibiu.ro\/wp\/wp-content\/uploads\/2022\/05\/liceu-300x205.png 300w\" sizes=\"auto, (max-width: 492px) 100vw, 492px\" \/><\/a><\/figure><h3 class=\"ugb-blog-posts__title\"><a href=\"https:\/\/www.scoaladualasibiu.ro\/noutati\/povesti-de-succes\/2022\/05\/11\/alina-drumul-meu-spre-liceul-potrivit\/\">Alina &#8211; Drumul meu spre liceul potrivit<\/a><\/h3><div class=\"ugb-blog-posts__excerpt\"><p>Eram \u00een anul 2018, anul absolvirii clasei a VIII-a, odat\u0103 cu terminarea examenelor. Am fost repartizat\u0103 la Colegiul Agricol D.P. Barcianu, profilul Protec\u021bia Mediului. M-am \u00eenscris \u0219i am a\u0219teptat \u00eenceperea cursurilor.<\/p>\n<\/div><\/div><\/article><article class=\"ugb-blog-posts__item\"><div class=\"ugb-blog-posts__content\"><figure class=\"ugb-blog-posts__featured-image ugb--shadow-3\"><a href=\"https:\/\/www.scoaladualasibiu.ro\/noutati\/povesti-de-succes\/2021\/05\/25\/iuga-andreas-venit-la-sibiu-din-fagaras-pentru-ntn-snr\/\"><img loading=\"lazy\" decoding=\"async\" width=\"750\" height=\"563\" src=\"https:\/\/www.scoaladualasibiu.ro\/wp\/wp-content\/uploads\/2021\/05\/Iuga-Andreas-1024x768.jpg\" class=\"attachment-large size-large wp-post-image\" alt=\"\" srcset=\"https:\/\/www.scoaladualasibiu.ro\/wp\/wp-content\/uploads\/2021\/05\/Iuga-Andreas-1024x768.jpg 1024w, https:\/\/www.scoaladualasibiu.ro\/wp\/wp-content\/uploads\/2021\/05\/Iuga-Andreas-300x225.jpg 300w, https:\/\/www.scoaladualasibiu.ro\/wp\/wp-content\/uploads\/2021\/05\/Iuga-Andreas-768x576.jpg 768w, https:\/\/www.scoaladualasibiu.ro\/wp\/wp-content\/uploads\/2021\/05\/Iuga-Andreas-1536x1152.jpg 1536w, https:\/\/www.scoaladualasibiu.ro\/wp\/wp-content\/uploads\/2021\/05\/Iuga-Andreas-2048x1536.jpg 2048w, https:\/\/www.scoaladualasibiu.ro\/wp\/wp-content\/uploads\/2021\/05\/Iuga-Andreas-1568x1176.jpg 1568w, https:\/\/www.scoaladualasibiu.ro\/wp\/wp-content\/uploads\/2021\/05\/Iuga-Andreas-scaled-e1621920459642.jpg 1600w\" sizes=\"auto, (max-width: 750px) 100vw, 750px\" \/><\/a><\/figure><h3 class=\"ugb-blog-posts__title\"><a href=\"https:\/\/www.scoaladualasibiu.ro\/noutati\/povesti-de-succes\/2021\/05\/25\/iuga-andreas-venit-la-sibiu-din-fagaras-pentru-ntn-snr\/\">Iuga Andreas &#8211; venit la Sibiu din F\u0103g\u0103ra\u0219, pentru NTN-SNR<\/a><\/h3><div class=\"ugb-blog-posts__excerpt\"><p>Am venit la Sibiu dup\u0103 ce am terminat \u015fcoala de la F\u0103g\u0103ra\u015f, anul trecut. Sunt \u00eempreun\u0103 cu fratele meu care m-a sprijinit de la \u00eenceput. Inv\u0103\u0163 \u00een fiecare zi ceva nou \u015fi sunt m\u00e2ndru c\u00e2nd reu\u015fesc s\u0103 parcurs singur toate etapele de produc\u0163ie\u00a0!<\/p>\n<\/div><\/div><\/article><article class=\"ugb-blog-posts__item\"><div class=\"ugb-blog-posts__content\"><figure class=\"ugb-blog-posts__featured-image ugb--shadow-3\"><a href=\"https:\/\/www.scoaladualasibiu.ro\/noutati\/povesti-de-succes\/2021\/05\/25\/iuga-robert-parte-din-ntn-snr-din-2019\/\"><img loading=\"lazy\" decoding=\"async\" width=\"750\" height=\"1000\" src=\"https:\/\/www.scoaladualasibiu.ro\/wp\/wp-content\/uploads\/2021\/05\/Iuga-Robert-768x1024.jpg\" class=\"attachment-large size-large wp-post-image\" alt=\"\" srcset=\"https:\/\/www.scoaladualasibiu.ro\/wp\/wp-content\/uploads\/2021\/05\/Iuga-Robert-768x1024.jpg 768w, https:\/\/www.scoaladualasibiu.ro\/wp\/wp-content\/uploads\/2021\/05\/Iuga-Robert-225x300.jpg 225w, https:\/\/www.scoaladualasibiu.ro\/wp\/wp-content\/uploads\/2021\/05\/Iuga-Robert-1152x1536.jpg 1152w, https:\/\/www.scoaladualasibiu.ro\/wp\/wp-content\/uploads\/2021\/05\/Iuga-Robert-e1621920381320.jpg 900w\" sizes=\"auto, (max-width: 750px) 100vw, 750px\" \/><\/a><\/figure><h3 class=\"ugb-blog-posts__title\"><a href=\"https:\/\/www.scoaladualasibiu.ro\/noutati\/povesti-de-succes\/2021\/05\/25\/iuga-robert-parte-din-ntn-snr-din-2019\/\">Iuga Robert &#8211; parte din NTN-SNR din 2019<\/a><\/h3><div class=\"ugb-blog-posts__excerpt\"><p>Sunt din 2019 la NTN-SNR \u015fi printre primii absolventi care s-au angajat! Am g\u0103sit aici o echip\u0103 care m\u0103 sus\u0163ine! M-am bucurat foarte mult c\u00e2nd a venit \u015fi fratele meu la Sibiu dup\u0103 ce a terminat \u015fcoala. Suntem \u00eempreun\u0103 \u015fi lucr\u0103m&nbsp; \u00een acela\u015fi sector.<\/p>\n<\/div><\/div><\/article><article class=\"ugb-blog-posts__item\"><div class=\"ugb-blog-posts__content\"><figure class=\"ugb-blog-posts__featured-image ugb--shadow-3\"><a href=\"https:\/\/www.scoaladualasibiu.ro\/noutati\/povesti-de-succes\/2021\/05\/24\/rus-ioan-andrei-star-transmission\/\"><img loading=\"lazy\" decoding=\"async\" width=\"750\" height=\"691\" src=\"https:\/\/www.scoaladualasibiu.ro\/wp\/wp-content\/uploads\/2021\/05\/image-9.png\" class=\"attachment-large size-large wp-post-image\" alt=\"\" srcset=\"https:\/\/www.scoaladualasibiu.ro\/wp\/wp-content\/uploads\/2021\/05\/image-9.png 911w, https:\/\/www.scoaladualasibiu.ro\/wp\/wp-content\/uploads\/2021\/05\/image-9-300x276.png 300w, https:\/\/www.scoaladualasibiu.ro\/wp\/wp-content\/uploads\/2021\/05\/image-9-768x707.png 768w\" sizes=\"auto, (max-width: 750px) 100vw, 750px\" \/><\/a><\/figure><h3 class=\"ugb-blog-posts__title\"><a href=\"https:\/\/www.scoaladualasibiu.ro\/noutati\/povesti-de-succes\/2021\/05\/24\/rus-ioan-andrei-star-transmission\/\">Rus Ioan Andrei &#8211; Star Transmission<\/a><\/h3><div class=\"ugb-blog-posts__excerpt\"><p>Rus Ioan Andrei &#8211; lucreaz\u0103 \u00een cadrul departamentului de mentenan\u021b\u0103, ca Electrician &#8211; urm\u0103ri\u021bi povestea de succes al acestuia \u00een video-ul de mai jos: <div style=\"width: 640px;\" class=\"wp-video\"><video class=\"wp-video-shortcode\" id=\"video-75-1\" width=\"640\" height=\"360\" preload=\"metadata\" controls=\"controls\"><source type=\"video\/mp4\" src=\"https:\/\/www.scoaladualasibiu.ro\/upload-event-2021\/Rus-ioan-Andrei.mp4?_=1\" \/><a href=\"https:\/\/www.scoaladualasibiu.ro\/upload-event-2021\/Rus-ioan-Andrei.mp4\">https:\/\/www.scoaladualasibiu.ro\/upload-event-2021\/Rus-ioan-Andrei.mp4<\/a><\/video><\/div><\/p>\n<\/div><\/div><\/article><article class=\"ugb-blog-posts__item\"><div class=\"ugb-blog-posts__content\"><figure class=\"ugb-blog-posts__featured-image ugb--shadow-3\"><a href=\"https:\/\/www.scoaladualasibiu.ro\/noutati\/povesti-de-succes\/2021\/05\/24\/colegiul-aurel-vijoli-fagaras\/\"><img loading=\"lazy\" decoding=\"async\" width=\"626\" height=\"470\" src=\"https:\/\/www.scoaladualasibiu.ro\/wp\/wp-content\/uploads\/2021\/05\/Colegiul-Aurel-Vijoli-Fagaras.jpg\" class=\"attachment-large size-large wp-post-image\" alt=\"\" srcset=\"https:\/\/www.scoaladualasibiu.ro\/wp\/wp-content\/uploads\/2021\/05\/Colegiul-Aurel-Vijoli-Fagaras.jpg 626w, https:\/\/www.scoaladualasibiu.ro\/wp\/wp-content\/uploads\/2021\/05\/Colegiul-Aurel-Vijoli-Fagaras-300x225.jpg 300w\" sizes=\"auto, (max-width: 626px) 100vw, 626px\" \/><\/a><\/figure><h3 class=\"ugb-blog-posts__title\"><a href=\"https:\/\/www.scoaladualasibiu.ro\/noutati\/povesti-de-succes\/2021\/05\/24\/colegiul-aurel-vijoli-fagaras\/\">Colegiul Aurel Vijoli F\u0103g\u0103ra\u015f<\/a><\/h3><div class=\"ugb-blog-posts__excerpt\"><p>Elevii Colegiului Aurel Vijoli F\u0103g\u0103ra\u015f str\u0103bat un drum lung p\u00e2n\u0103 la Sibiu, din dorin\u0163a de a \u00eenv\u0103\u0163a \u015fi de avea o meserie! Sunt sus\u0163inu\u0163i de catre p\u0103rin\u0163ii, profesorii lor \u015fi trainerii de la Sibiu!<\/p>\n<\/div><\/div><\/article><article class=\"ugb-blog-posts__item\"><div class=\"ugb-blog-posts__content\"><figure class=\"ugb-blog-posts__featured-image ugb--shadow-3\"><a href=\"https:\/\/www.scoaladualasibiu.ro\/noutati\/povesti-de-succes\/2021\/05\/24\/trimbitas-adrian-absolvent-colegiul-aurel-vijoli-fagaras\/\"><img loading=\"lazy\" decoding=\"async\" width=\"750\" height=\"1000\" src=\"https:\/\/www.scoaladualasibiu.ro\/wp\/wp-content\/uploads\/2021\/05\/Trimbitas-Adrian-768x1024.jpg\" class=\"attachment-large size-large wp-post-image\" alt=\"\" srcset=\"https:\/\/www.scoaladualasibiu.ro\/wp\/wp-content\/uploads\/2021\/05\/Trimbitas-Adrian-768x1024.jpg 768w, https:\/\/www.scoaladualasibiu.ro\/wp\/wp-content\/uploads\/2021\/05\/Trimbitas-Adrian-225x300.jpg 225w, https:\/\/www.scoaladualasibiu.ro\/wp\/wp-content\/uploads\/2021\/05\/Trimbitas-Adrian-1152x1536.jpg 1152w, https:\/\/www.scoaladualasibiu.ro\/wp\/wp-content\/uploads\/2021\/05\/Trimbitas-Adrian-e1621836887174.jpg 900w\" sizes=\"auto, (max-width: 750px) 100vw, 750px\" \/><\/a><\/figure><h3 class=\"ugb-blog-posts__title\"><a href=\"https:\/\/www.scoaladualasibiu.ro\/noutati\/povesti-de-succes\/2021\/05\/24\/trimbitas-adrian-absolvent-colegiul-aurel-vijoli-fagaras\/\">Tr\u00eembi\u0163a\u015f Adrian &#8211; absolvent Colegiul Aurel Vijoli F\u0103g\u0103ra\u0219<\/a><\/h3><div class=\"ugb-blog-posts__excerpt\"><p>Am studiat la F\u0103g\u0103ra\u015f profilul mecanic \u015fi am venit la Sibiu dup\u0103 absolvire. Sunt deja c\u00e2\u0163iva ani de c\u00e2nd sunt la NTN-SNR \u015fi m\u0103 bucur c\u0103 pot profesa \u00een domeniul mecanic. Am v\u0103zut ca o oportunitate venirea mea la Sibiu \u015fi am valorificat aceast\u0103 \u015fans\u0103!<\/p>\n<\/div><\/div><\/article><article class=\"ugb-blog-posts__item\"><div class=\"ugb-blog-posts__content\"><figure class=\"ugb-blog-posts__featured-image ugb--shadow-3\"><a href=\"https:\/\/www.scoaladualasibiu.ro\/noutati\/povesti-de-succes\/2021\/05\/20\/valentin-bosch-automotive-boschblajplant\/\"><img loading=\"lazy\" decoding=\"async\" width=\"750\" height=\"1000\" src=\"https:\/\/www.scoaladualasibiu.ro\/wp\/wp-content\/uploads\/2021\/05\/Testimonial-Bosch-768x1024.jpg\" class=\"attachment-large size-large wp-post-image\" alt=\"\" srcset=\"https:\/\/www.scoaladualasibiu.ro\/wp\/wp-content\/uploads\/2021\/05\/Testimonial-Bosch-768x1024.jpg 768w, https:\/\/www.scoaladualasibiu.ro\/wp\/wp-content\/uploads\/2021\/05\/Testimonial-Bosch-225x300.jpg 225w, https:\/\/www.scoaladualasibiu.ro\/wp\/wp-content\/uploads\/2021\/05\/Testimonial-Bosch-1152x1536.jpg 1152w, https:\/\/www.scoaladualasibiu.ro\/wp\/wp-content\/uploads\/2021\/05\/Testimonial-Bosch-e1621514798972.jpg 616w\" sizes=\"auto, (max-width: 750px) 100vw, 750px\" \/><\/a><\/figure><h3 class=\"ugb-blog-posts__title\"><a href=\"https:\/\/www.scoaladualasibiu.ro\/noutati\/povesti-de-succes\/2021\/05\/20\/valentin-bosch-automotive-boschblajplant\/\">Valentin, Bosch Automotive #BoschBlajPlant<\/a><\/h3><div class=\"ugb-blog-posts__excerpt\"><p>&#8222;\u00cen 2019 am absolvit \u015ecoala Dual\u0103 Bosch Blaj, iar acum sunt angajat al acestei compani. Perioada de practic\u0103 \u015fi munca al\u0103turi de un personal calificat m-au determinat foarte repede s\u0103 m\u0103 decid pentru angajare. Mai mult, am primit \u00eencurajare \u015fi suport \u00een a-mi continua studiile, ceea ce \u015fi fac \u00een prezent, av\u00e2nd un program de lucru flexibil. Am astfel \u015fansa s\u0103 m\u0103 dezvolt \u015fi \u00een timp s\u0103 avansez \u00een carier\u0103. \u00cen plus, fie c\u0103 e vorba de job sau de ceea ce \u00eenv\u0103\u0163 ca student, colegii de munc\u0103 \u00eemi sunt mereu al\u0103turi, \u00eemi explic\u0103 procesele \u00een cele mai mici detalii&hellip;<\/p>\n<\/div><\/div><\/article><article class=\"ugb-blog-posts__item\"><div class=\"ugb-blog-posts__content\"><figure class=\"ugb-blog-posts__featured-image ugb--shadow-3\"><a href=\"https:\/\/www.scoaladualasibiu.ro\/noutati\/povesti-de-succes\/2021\/05\/19\/liceul-tehnologic-henri-coanda-sibiu\/\"><img loading=\"lazy\" decoding=\"async\" width=\"750\" height=\"261\" src=\"https:\/\/www.scoaladualasibiu.ro\/wp\/wp-content\/uploads\/2021\/05\/image-8-1024x357.png\" class=\"attachment-large size-large wp-post-image\" alt=\"\" srcset=\"https:\/\/www.scoaladualasibiu.ro\/wp\/wp-content\/uploads\/2021\/05\/image-8-1024x357.png 1024w, https:\/\/www.scoaladualasibiu.ro\/wp\/wp-content\/uploads\/2021\/05\/image-8-300x105.png 300w, https:\/\/www.scoaladualasibiu.ro\/wp\/wp-content\/uploads\/2021\/05\/image-8-768x268.png 768w, https:\/\/www.scoaladualasibiu.ro\/wp\/wp-content\/uploads\/2021\/05\/image-8.png 1138w\" sizes=\"auto, (max-width: 750px) 100vw, 750px\" \/><\/a><\/figure><h3 class=\"ugb-blog-posts__title\"><a href=\"https:\/\/www.scoaladualasibiu.ro\/noutati\/povesti-de-succes\/2021\/05\/19\/liceul-tehnologic-henri-coanda-sibiu\/\">Liceul Tehnologic &#8222;Henri Coand\u0103&#8221; Sibiu<\/a><\/h3><div class=\"ugb-blog-posts__excerpt\"><p>A\u0219a am \u00eenceput noi \u2026.2005 \u2013 anul \u00een care se pun bazele Parteneriatului \u201d\u0218coal\u0103 \u2013 \u00centreprindere\u201d la standarde europene. Compa SA s-a reorganizat \u0219i retehnologizat, dar for\u021ba de munc\u0103 specializat\u0103 \u00eent\u00e2rzia s\u0103 apar\u0103, \u0219i nici perspective nu se \u00eentrevedeau. Profesori, ingineri, speciali\u0219ti din cadrul companiei Compa SA, am pornit pe drumul marilor schimb\u0103ri: cursuri de formare at\u00e2t \u00een cadrul Compa SA c\u00e2t \u0219i la firma produc\u0103toare de ma\u0219ini unelte din Fran\u021ba. Formarea s-a f\u0103cut at\u00e2t din punct de vedere al specialit\u0103\u021bii, c\u00e2t \u0219i din punct de vedere al strategiilor didactice. Dup\u0103 un an de formare profesional\u0103, am \u00eenceput s\u0103 schimb\u0103m&hellip;<\/p>\n<\/div><\/div><\/article><article class=\"ugb-blog-posts__item\"><div class=\"ugb-blog-posts__content\"><figure class=\"ugb-blog-posts__featured-image ugb--shadow-3\"><a href=\"https:\/\/www.scoaladualasibiu.ro\/noutati\/povesti-de-succes\/2021\/05\/19\/fabian-szekely-absolvent-invatamant-dual-marquardt\/\"><img loading=\"lazy\" decoding=\"async\" width=\"750\" height=\"448\" src=\"https:\/\/www.scoaladualasibiu.ro\/wp\/wp-content\/uploads\/2021\/05\/Absolvent_Fabrian-Szekely-1024x612.jpg\" class=\"attachment-large size-large wp-post-image\" alt=\"\" srcset=\"https:\/\/www.scoaladualasibiu.ro\/wp\/wp-content\/uploads\/2021\/05\/Absolvent_Fabrian-Szekely-1024x612.jpg 1024w, https:\/\/www.scoaladualasibiu.ro\/wp\/wp-content\/uploads\/2021\/05\/Absolvent_Fabrian-Szekely-300x179.jpg 300w, https:\/\/www.scoaladualasibiu.ro\/wp\/wp-content\/uploads\/2021\/05\/Absolvent_Fabrian-Szekely-768x459.jpg 768w, https:\/\/www.scoaladualasibiu.ro\/wp\/wp-content\/uploads\/2021\/05\/Absolvent_Fabrian-Szekely.jpg 1460w\" sizes=\"auto, (max-width: 750px) 100vw, 750px\" \/><\/a><\/figure><h3 class=\"ugb-blog-posts__title\"><a href=\"https:\/\/www.scoaladualasibiu.ro\/noutati\/povesti-de-succes\/2021\/05\/19\/fabian-szekely-absolvent-invatamant-dual-marquardt\/\">Fabian Szekely &#8211; absolvent \u00cenv\u0103\u021b\u0103m\u00e2nt Dual Marquardt<\/a><\/h3><div class=\"ugb-blog-posts__excerpt\"><p>\u201cAm ales Marquardt datorit\u0103 prietenilor mei care m-au \u00eendrumat aici. Pot spune c\u0103 am ales bine, experien\u021ba din timpul stagiului de practica a fost foarte fain\u0103 \u0219i am \u00eenv\u0103\u021bat foarte multe. Am avut \u0219ansa s\u0103 m\u0103 angajez \u00een cadrul companiei iar trecerea de la statutul de elev la cel de angajat a fost mai u\u0219oar\u0103.\u201d<\/p>\n<\/div><\/div><\/article><article class=\"ugb-blog-posts__item\"><div class=\"ugb-blog-posts__content\"><figure class=\"ugb-blog-posts__featured-image ugb--shadow-3\"><a href=\"https:\/\/www.scoaladualasibiu.ro\/noutati\/povesti-de-succes\/2021\/05\/19\/radu-burja-absolvent-invatamant-dual-marquardt\/\"><img loading=\"lazy\" decoding=\"async\" width=\"750\" height=\"471\" src=\"https:\/\/www.scoaladualasibiu.ro\/wp\/wp-content\/uploads\/2021\/05\/Absolvent_Radu-Burja-1024x643.jpg\" class=\"attachment-large size-large wp-post-image\" alt=\"\" srcset=\"https:\/\/www.scoaladualasibiu.ro\/wp\/wp-content\/uploads\/2021\/05\/Absolvent_Radu-Burja-1024x643.jpg 1024w, https:\/\/www.scoaladualasibiu.ro\/wp\/wp-content\/uploads\/2021\/05\/Absolvent_Radu-Burja-300x188.jpg 300w, https:\/\/www.scoaladualasibiu.ro\/wp\/wp-content\/uploads\/2021\/05\/Absolvent_Radu-Burja-768x482.jpg 768w, https:\/\/www.scoaladualasibiu.ro\/wp\/wp-content\/uploads\/2021\/05\/Absolvent_Radu-Burja.jpg 1404w\" sizes=\"auto, (max-width: 750px) 100vw, 750px\" \/><\/a><\/figure><h3 class=\"ugb-blog-posts__title\"><a href=\"https:\/\/www.scoaladualasibiu.ro\/noutati\/povesti-de-succes\/2021\/05\/19\/radu-burja-absolvent-invatamant-dual-marquardt\/\">Radu Burja &#8211; absolvent \u00cenv\u0103\u021b\u0103m\u00e2nt Dual Marquardt<\/a><\/h3><div class=\"ugb-blog-posts__excerpt\"><p>\u201cDup\u0103 terminarea studiilor din cadrul \u0218colii profesionale \u00een sistem dual din cadrul companiei Marquardt am avut posibilitatea s\u0103 m\u0103 angajez \u00een locul unde am f\u0103cut \u0219i practica. Pot spune c\u0103 am un loc de munc\u0103 stabil, fac ce \u00eemi place \u0219i am multe posibilit\u0103\u021bi de a progresa \u00een carier\u0103.\u201d<\/p>\n<\/div><\/div><\/article><article class=\"ugb-blog-posts__item\"><div class=\"ugb-blog-posts__content\"><figure class=\"ugb-blog-posts__featured-image ugb--shadow-3\"><a href=\"https:\/\/www.scoaladualasibiu.ro\/noutati\/povesti-de-succes\/2021\/05\/19\/vilau-gabriela-nicoleta-urmeaza-exemplul-altor-colegi-alaturi-de-marquardt\/\"><img loading=\"lazy\" decoding=\"async\" width=\"750\" height=\"618\" src=\"https:\/\/www.scoaladualasibiu.ro\/wp\/wp-content\/uploads\/2021\/05\/Vilau-Gabriela-Nicoleta-1024x844.jpg\" class=\"attachment-large size-large wp-post-image\" alt=\"\" srcset=\"https:\/\/www.scoaladualasibiu.ro\/wp\/wp-content\/uploads\/2021\/05\/Vilau-Gabriela-Nicoleta-1024x844.jpg 1024w, https:\/\/www.scoaladualasibiu.ro\/wp\/wp-content\/uploads\/2021\/05\/Vilau-Gabriela-Nicoleta-300x247.jpg 300w, https:\/\/www.scoaladualasibiu.ro\/wp\/wp-content\/uploads\/2021\/05\/Vilau-Gabriela-Nicoleta-768x633.jpg 768w, https:\/\/www.scoaladualasibiu.ro\/wp\/wp-content\/uploads\/2021\/05\/Vilau-Gabriela-Nicoleta.jpg 1398w\" sizes=\"auto, (max-width: 750px) 100vw, 750px\" \/><\/a><\/figure><h3 class=\"ugb-blog-posts__title\"><a href=\"https:\/\/www.scoaladualasibiu.ro\/noutati\/povesti-de-succes\/2021\/05\/19\/vilau-gabriela-nicoleta-urmeaza-exemplul-altor-colegi-alaturi-de-marquardt\/\">Vil\u0103u Gabriela Nicoleta &#8211; urmeaz\u0103 exemplul altor colegi, al\u0103turi de Marquardt<\/a><\/h3><div class=\"ugb-blog-posts__excerpt\"><p>\u201eAm v\u0103zut al\u021bi elevi care au f\u0103cut \u0219coala dual\u0103 la Marquardt \u0219i s-au descurcat bine, a\u0219a c\u0103 m-am g\u00e2ndit s\u0103 \u00eemi continui \u0219i eu \u0219coala aici, am aflat c\u0103 Marquardt este o firm\u0103 care se ocup\u0103 de mai mul\u021bi ani cu \u00eenv\u0103\u021b\u0103m\u00e2ntul dual. \u00cemi propun s\u0103 \u00eenv\u0103\u021b bine, s\u0103 ajung un electromecanic bun.\u201d<\/p>\n<\/div><\/div><\/article><article class=\"ugb-blog-posts__item\"><div class=\"ugb-blog-posts__content\"><figure class=\"ugb-blog-posts__featured-image ugb--shadow-3\"><a href=\"https:\/\/www.scoaladualasibiu.ro\/noutati\/povesti-de-succes\/2021\/05\/19\/tarlea-darius-despre-meserii-de-viitor-alaturi-de-partenerul-marquardt\/\"><img loading=\"lazy\" decoding=\"async\" width=\"750\" height=\"616\" src=\"https:\/\/www.scoaladualasibiu.ro\/wp\/wp-content\/uploads\/2021\/05\/Tarlea-Darius-Gheorghe-1024x841.jpg\" class=\"attachment-large size-large wp-post-image\" alt=\"\" srcset=\"https:\/\/www.scoaladualasibiu.ro\/wp\/wp-content\/uploads\/2021\/05\/Tarlea-Darius-Gheorghe-1024x841.jpg 1024w, https:\/\/www.scoaladualasibiu.ro\/wp\/wp-content\/uploads\/2021\/05\/Tarlea-Darius-Gheorghe-300x246.jpg 300w, https:\/\/www.scoaladualasibiu.ro\/wp\/wp-content\/uploads\/2021\/05\/Tarlea-Darius-Gheorghe-768x631.jpg 768w, https:\/\/www.scoaladualasibiu.ro\/wp\/wp-content\/uploads\/2021\/05\/Tarlea-Darius-Gheorghe.jpg 1461w\" sizes=\"auto, (max-width: 750px) 100vw, 750px\" \/><\/a><\/figure><h3 class=\"ugb-blog-posts__title\"><a href=\"https:\/\/www.scoaladualasibiu.ro\/noutati\/povesti-de-succes\/2021\/05\/19\/tarlea-darius-despre-meserii-de-viitor-alaturi-de-partenerul-marquardt\/\">\u021a\u00e2rlea Darius &#8211; despre meserii de viitor, al\u0103turi de partenerul Marquardt<\/a><\/h3><div class=\"ugb-blog-posts__excerpt\"><p>\u201eAm venit la \u0219coala dual\u0103 pentru c\u0103 am aflat c\u0103 \u00eenv\u0103\u021b\u0103m lucruri interesante \u0219i meserii de viitor. De c\u00e2nd am \u00eenceput, am f\u0103cut lucruri care m-au atras \u0219i \u00eemi propun s\u0103 \u00eenv\u0103\u021b \u0219i, \u00een urm\u0103torii ani, s\u0103 ating obiectivele de care este nevoie pentru absolvire. Am ales s\u0103 fac practica la Marquardt pentru c\u0103 am auzit de firm\u0103 \u0219i mi-au recomandat-o prietenii. \u00cemi doresc s\u0103 \u00eenv\u0103\u021b electromecanic\u0103 \u0219i s\u0103 ajung un meseria\u0219 bun.\u201d<\/p>\n<\/div><\/div><\/article><article class=\"ugb-blog-posts__item\"><div class=\"ugb-blog-posts__content\"><figure class=\"ugb-blog-posts__featured-image ugb--shadow-3\"><a href=\"https:\/\/www.scoaladualasibiu.ro\/noutati\/povesti-de-succes\/2021\/05\/19\/vilau-cosmin-alexandru-la-inceput-de-drum-alaturi-de-marquardt\/\"><img loading=\"lazy\" decoding=\"async\" width=\"750\" height=\"609\" src=\"https:\/\/www.scoaladualasibiu.ro\/wp\/wp-content\/uploads\/2021\/05\/Vilau-Cosmin-Alexandru-1024x832.jpg\" class=\"attachment-large size-large wp-post-image\" alt=\"\" srcset=\"https:\/\/www.scoaladualasibiu.ro\/wp\/wp-content\/uploads\/2021\/05\/Vilau-Cosmin-Alexandru-1024x832.jpg 1024w, https:\/\/www.scoaladualasibiu.ro\/wp\/wp-content\/uploads\/2021\/05\/Vilau-Cosmin-Alexandru-300x244.jpg 300w, https:\/\/www.scoaladualasibiu.ro\/wp\/wp-content\/uploads\/2021\/05\/Vilau-Cosmin-Alexandru-768x624.jpg 768w, https:\/\/www.scoaladualasibiu.ro\/wp\/wp-content\/uploads\/2021\/05\/Vilau-Cosmin-Alexandru.jpg 1455w\" sizes=\"auto, (max-width: 750px) 100vw, 750px\" \/><\/a><\/figure><h3 class=\"ugb-blog-posts__title\"><a href=\"https:\/\/www.scoaladualasibiu.ro\/noutati\/povesti-de-succes\/2021\/05\/19\/vilau-cosmin-alexandru-la-inceput-de-drum-alaturi-de-marquardt\/\">Vil\u0103u Cosmin Alexandru &#8211; la \u00eenceput de drum, al\u0103turi de Marquardt<\/a><\/h3><div class=\"ugb-blog-posts__excerpt\"><p>&#8222;Am ales s\u0103 fac \u0219coala dual\u0103 la Marquardt fiindc\u0103 am auzit c\u0103 este o firm\u0103 bun\u0103. \u00cemi place foarte tare ce am f\u0103cut p\u00e2n\u0103 acum, sunt curios s\u0103 v\u0103d ce vom face \u0219i mai departe. Sper s\u0103 finalizez cu bine cei trei ani \u0219i s\u0103 fiu angajat la Marquardt. Vreau s\u0103 m\u0103 \u021bin de treab\u0103 \u00een \u0219coala dual\u0103 ca s\u0103 devin un electromecanic bun. \u00cemi doresc s\u0103 \u00eenv\u0103\u021b aceast\u0103 meserie, fiindc\u0103 este o meserie c\u0103utat\u0103, care m\u0103 va ajuta \u00een viitor.&#8221;<\/p>\n<\/div><\/div><\/article><article class=\"ugb-blog-posts__item\"><div class=\"ugb-blog-posts__content\"><figure class=\"ugb-blog-posts__featured-image ugb--shadow-3\"><a href=\"https:\/\/www.scoaladualasibiu.ro\/noutati\/povesti-de-succes\/2021\/05\/19\/alexandru-absolvent-2017-scoala-duala-liceul-tehnologic-independenta-sibiu\/\"><img loading=\"lazy\" decoding=\"async\" width=\"750\" height=\"500\" src=\"https:\/\/www.scoaladualasibiu.ro\/wp\/wp-content\/uploads\/2021\/05\/ClasaConti-Independenta-14-1024x683.jpg\" class=\"attachment-large size-large wp-post-image\" alt=\"\" srcset=\"https:\/\/www.scoaladualasibiu.ro\/wp\/wp-content\/uploads\/2021\/05\/ClasaConti-Independenta-14-1024x683.jpg 1024w, https:\/\/www.scoaladualasibiu.ro\/wp\/wp-content\/uploads\/2021\/05\/ClasaConti-Independenta-14-300x200.jpg 300w, https:\/\/www.scoaladualasibiu.ro\/wp\/wp-content\/uploads\/2021\/05\/ClasaConti-Independenta-14-768x512.jpg 768w, https:\/\/www.scoaladualasibiu.ro\/wp\/wp-content\/uploads\/2021\/05\/ClasaConti-Independenta-14-1536x1024.jpg 1536w, https:\/\/www.scoaladualasibiu.ro\/wp\/wp-content\/uploads\/2021\/05\/ClasaConti-Independenta-14-2048x1365.jpg 2048w, https:\/\/www.scoaladualasibiu.ro\/wp\/wp-content\/uploads\/2021\/05\/ClasaConti-Independenta-14-1568x1045.jpg 1568w, https:\/\/www.scoaladualasibiu.ro\/wp\/wp-content\/uploads\/2021\/05\/ClasaConti-Independenta-14-scaled-e1621493137943.jpg 1321w\" sizes=\"auto, (max-width: 750px) 100vw, 750px\" \/><\/a><\/figure><h3 class=\"ugb-blog-posts__title\"><a href=\"https:\/\/www.scoaladualasibiu.ro\/noutati\/povesti-de-succes\/2021\/05\/19\/alexandru-absolvent-2017-scoala-duala-liceul-tehnologic-independenta-sibiu\/\">Alexandru &#8211; absolvent 2017 \u0218coala Dual\u0103 Liceul Tehnologic &#8222;Independen\u021ba&#8221; Sibiu \u0219i Continental<\/a><\/h3><div class=\"ugb-blog-posts__excerpt\"><p>Pentru mine \u00eenv\u0103t\u0103m\u00e2ntul profesional dual a fost o mare \u0219ans\u0103 s\u0103 \u00eemi fac o meserie. Bursa Continental m-a ajutat s\u0103 m\u0103 sus\u0163in financiar. \u00cemi doream foarte mult s\u0103 ajung s\u0103 am un loc de munc\u0103 sigur, curat \u0219i mai ales \u00een domeniul tehnic.Timp de trei ani am avut ocazia s\u0103 \u00eenv\u0103\u0163 \u0219i s\u0103 fac practic\u0103 la Continental, unde vedeam exact ceea ce \u00eenv\u0103\u0163am. Imediat dup\u0103 ce am terminat studiile, m-am angajat la Continental \u0219i, pentru c\u0103 mi-a placut foarte mult ceea ce fac, am fost propus s\u0103 urmez cursurile Academiei Tehnice Continental, iar acum am fost promovat ca tehnician.<\/p>\n<\/div><\/div><\/article><article class=\"ugb-blog-posts__item\"><div class=\"ugb-blog-posts__content\"><figure class=\"ugb-blog-posts__featured-image ugb--shadow-3\"><a href=\"https:\/\/www.scoaladualasibiu.ro\/noutati\/povesti-de-succes\/2021\/05\/19\/maria-despre-beneficiile-invatamantului-dual-la-continental\/\"><img loading=\"lazy\" decoding=\"async\" width=\"750\" height=\"500\" src=\"https:\/\/www.scoaladualasibiu.ro\/wp\/wp-content\/uploads\/2021\/05\/Testimonial2-2-1024x683.jpg\" class=\"attachment-large size-large wp-post-image\" alt=\"\" srcset=\"https:\/\/www.scoaladualasibiu.ro\/wp\/wp-content\/uploads\/2021\/05\/Testimonial2-2-1024x683.jpg 1024w, https:\/\/www.scoaladualasibiu.ro\/wp\/wp-content\/uploads\/2021\/05\/Testimonial2-2-300x200.jpg 300w, https:\/\/www.scoaladualasibiu.ro\/wp\/wp-content\/uploads\/2021\/05\/Testimonial2-2-768x512.jpg 768w, https:\/\/www.scoaladualasibiu.ro\/wp\/wp-content\/uploads\/2021\/05\/Testimonial2-2-1536x1024.jpg 1536w, https:\/\/www.scoaladualasibiu.ro\/wp\/wp-content\/uploads\/2021\/05\/Testimonial2-2-2048x1365.jpg 2048w, https:\/\/www.scoaladualasibiu.ro\/wp\/wp-content\/uploads\/2021\/05\/Testimonial2-2-1568x1045.jpg 1568w, https:\/\/www.scoaladualasibiu.ro\/wp\/wp-content\/uploads\/2021\/05\/Testimonial2-2-scaled-e1621493042200.jpg 1321w\" sizes=\"auto, (max-width: 750px) 100vw, 750px\" \/><\/a><\/figure><h3 class=\"ugb-blog-posts__title\"><a href=\"https:\/\/www.scoaladualasibiu.ro\/noutati\/povesti-de-succes\/2021\/05\/19\/maria-despre-beneficiile-invatamantului-dual-la-continental\/\">Maria &#8211; despre beneficiile \u00cenv\u0103\u021b\u0103m\u00e2ntului Dual la Continental<\/a><\/h3><div class=\"ugb-blog-posts__excerpt\"><p>Sunt elev\u0103 la Liceul Tehnologic \u201cIndependen\u0163a\u201d, Sibiu, \u00een clasa Continental, \u00een sistem de \u00eenv\u0103\u0163\u0103m\u00e2nt profesional dual. Sunt din Sibiel dar merg \u00een fiecare zi cu trenul la Sibiu. Continental \u00eemi pl\u0103te\u015fte transportul a\u015fa c\u0103 p\u0103rin\u0163ii nu trebuie s\u0103 \u00ee\u015fi fac\u0103 griji din cauza asta.Primesc burse de studiu de la Continental \u015fi de la stat, plus o burs\u0103 de merit de la Consiliul Local, pentru c\u0103 am rezultate bune la \u00eenv\u0103\u0163\u0103tur\u0103.<\/p>\n<\/div><\/div><\/article><article class=\"ugb-blog-posts__item\"><div class=\"ugb-blog-posts__content\"><figure class=\"ugb-blog-posts__featured-image ugb--shadow-3\"><a href=\"https:\/\/www.scoaladualasibiu.ro\/noutati\/povesti-de-succes\/2021\/05\/19\/elena-mama-elev-clasa-continental\/\"><img loading=\"lazy\" decoding=\"async\" width=\"750\" height=\"749\" src=\"https:\/\/www.scoaladualasibiu.ro\/wp\/wp-content\/uploads\/2021\/05\/Balacescu-Elena_mama-elev_2-e1621492905251.jpg\" class=\"attachment-large size-large wp-post-image\" alt=\"\" \/><\/a><\/figure><h3 class=\"ugb-blog-posts__title\"><a href=\"https:\/\/www.scoaladualasibiu.ro\/noutati\/povesti-de-succes\/2021\/05\/19\/elena-mama-elev-clasa-continental\/\">Elena &#8211; mama elev Clasa Continental<\/a><\/h3><div class=\"ugb-blog-posts__excerpt\"><p>Sunt lini\u015ftit\u0103 c\u00e2nd m\u0103 g\u00e2ndesc la viitorul copilului meu:\u015ftiu c\u0103 va \u00eenv\u0103\u0163a o meserie \u015fi c\u0103 la finalul studiilor va avealocul de munc\u0103 asigurat, la Continental Sibiu.<\/p>\n<\/div><\/div><\/article><article class=\"ugb-blog-posts__item\"><div class=\"ugb-blog-posts__content\"><figure class=\"ugb-blog-posts__featured-image ugb--shadow-3\"><a href=\"https:\/\/www.scoaladualasibiu.ro\/noutati\/povesti-de-succes\/2021\/05\/19\/sorin-elev-in-clasa-continental\/\"><img loading=\"lazy\" decoding=\"async\" width=\"683\" height=\"1024\" src=\"https:\/\/www.scoaladualasibiu.ro\/wp\/wp-content\/uploads\/2021\/05\/Testimonial-683x1024.jpg\" class=\"attachment-large size-large wp-post-image\" alt=\"\" srcset=\"https:\/\/www.scoaladualasibiu.ro\/wp\/wp-content\/uploads\/2021\/05\/Testimonial-683x1024.jpg 683w, https:\/\/www.scoaladualasibiu.ro\/wp\/wp-content\/uploads\/2021\/05\/Testimonial-200x300.jpg 200w, https:\/\/www.scoaladualasibiu.ro\/wp\/wp-content\/uploads\/2021\/05\/Testimonial-768x1152.jpg 768w, https:\/\/www.scoaladualasibiu.ro\/wp\/wp-content\/uploads\/2021\/05\/Testimonial-1024x1536.jpg 1024w, https:\/\/www.scoaladualasibiu.ro\/wp\/wp-content\/uploads\/2021\/05\/Testimonial-1365x2048.jpg 1365w, https:\/\/www.scoaladualasibiu.ro\/wp\/wp-content\/uploads\/2021\/05\/Testimonial-1568x2352.jpg 1568w, https:\/\/www.scoaladualasibiu.ro\/wp\/wp-content\/uploads\/2021\/05\/Testimonial-scaled-e1621492819654.jpg 587w\" sizes=\"auto, (max-width: 683px) 100vw, 683px\" \/><\/a><\/figure><h3 class=\"ugb-blog-posts__title\"><a href=\"https:\/\/www.scoaladualasibiu.ro\/noutati\/povesti-de-succes\/2021\/05\/19\/sorin-elev-in-clasa-continental\/\">Sorin &#8211; elev in Clasa Continental<\/a><\/h3><div class=\"ugb-blog-posts__excerpt\"><p>\u00cemi place sistemul dual deoarece nu facem numaiteorie: \u00eenv\u0103\u0163\u0103m foarte multe lucruri practice, directla Continental. La finalul clasei a XI-a vom \u015fti tot ce trebuie pentru a ne angaja.<\/p>\n<\/div><\/div><\/article><\/div><\/div><\/div>\n","protected":false},"excerpt":{"rendered":"<p>Nout\u0103\u021bi Ziua meseriilor &#8211; Liceul Tehnologic &#8222;Henri Coand\u0103&#8221; mai 11, 2022 Liceul Tehnologic \u201eHenri Coand\u0103\u201d Sibiu a primit vizita viitorilor absolven\u021bi ai claselor a VIII a, &#8230; Ziua meseriilor &#8211; 11 Martie 2022 martie 14, 2022 Sibiu, 11 martie 2022. Asocia\u021bia Rom\u00e2no-German\u0103 pentru \u00cenv\u0103\u021b\u0103m\u00e2nt Profesional Dual Sibiu, \u00eempreun\u0103 cu Inspectoratul \u0218colar Sibiu \u0219i Prim\u0103ria Sibiu&hellip; <a class=\"more-link\" href=\"https:\/\/www.scoaladualasibiu.ro\/noutati\/\">Continu\u0103 lectura <span class=\"screen-reader-text\">Pagina Principal\u0103<\/span><\/a><\/p>\n","protected":false},"author":1,"featured_media":0,"parent":0,"menu_order":0,"comment_status":"closed","ping_status":"closed","template":"","meta":{"footnotes":""},"class_list":["post-75","page","type-page","status-publish","hentry","entry"],"featured_image_urls":{"full":"","thumbnail":"","medium":"","medium_large":"","large":"","1536x1536":"","2048x2048":"","post-thumbnail":""},"post_excerpt_stackable":"<p>Nout\u0103\u021biZiua meseriilor &#8211; Liceul Tehnologic &#8222;Henri Coand\u0103&#8221;mai 11, 2022Liceul Tehnologic \u201eHenri Coand\u0103\u201d Sibiu a primit vizita viitorilor absolven\u021bi ai claselor a VIII a, &#8230;Ziua meseriilor &#8211; 11 Martie 2022martie 14, 2022Sibiu, 11 martie 2022. Asocia\u021bia Rom\u00e2no-German\u0103 pentru \u00cenv\u0103\u021b\u0103m\u00e2nt Profesional Dual Sibiu, \u00eempreun\u0103 cu Inspectoratul \u0218colar Sibiu \u0219i Prim\u0103ria Sibiu marcheaz\u0103 Ziua Na\u0163ional\u0103 a Meseriilor, instituit\u0103 prin Legea nr. 66\/2019. Aceast\u0103 zi reprezint\u0103 un bun prilej&#8230;Invita\u021bie la T\u00e2rgul Ofertelor Educa\u021bionale 25-27 Mai 2021mai 19, 2021 Pove\u0219ti de succesAlina &#8211; Drumul meu spre liceul potrivitEram \u00een anul 2018, anul absolvirii clasei a VIII-a, odat\u0103 cu terminarea examenelor. Am fost repartizat\u0103 la Colegiul&hellip;<\/p>\n","category_list":"","author_info":{"name":"admin","url":"https:\/\/www.scoaladualasibiu.ro\/noutati\/author\/admin_4sxla7hc\/"},"comments_num":"0 comments","featured_image_urls_v2":{"full":"","thumbnail":"","medium":"","medium_large":"","large":"","1536x1536":"","2048x2048":"","post-thumbnail":""},"post_excerpt_stackable_v2":"<p>Nout\u0103\u021biZiua meseriilor &#8211; Liceul Tehnologic &#8222;Henri Coand\u0103&#8221;mai 11, 2022Liceul Tehnologic \u201eHenri Coand\u0103\u201d Sibiu a primit vizita viitorilor absolven\u021bi ai claselor a VIII a, &#8230;Ziua meseriilor &#8211; 11 Martie 2022martie 14, 2022Sibiu, 11 martie 2022. Asocia\u021bia Rom\u00e2no-German\u0103 pentru \u00cenv\u0103\u021b\u0103m\u00e2nt Profesional Dual Sibiu, \u00eempreun\u0103 cu Inspectoratul \u0218colar Sibiu \u0219i Prim\u0103ria Sibiu marcheaz\u0103 Ziua Na\u0163ional\u0103 a Meseriilor, instituit\u0103 prin Legea nr. 66\/2019. Aceast\u0103 zi reprezint\u0103 un bun prilej&#8230;Invita\u021bie la T\u00e2rgul Ofertelor Educa\u021bionale 25-27 Mai 2021mai 19, 2021 Pove\u0219ti de succesAlina &#8211; Drumul meu spre liceul potrivitEram \u00een anul 2018, anul absolvirii clasei a VIII-a, odat\u0103 cu terminarea examenelor. Am fost repartizat\u0103 la Colegiul&hellip;<\/p>\n","category_list_v2":"","author_info_v2":{"name":"admin","url":"https:\/\/www.scoaladualasibiu.ro\/noutati\/author\/admin_4sxla7hc\/"},"comments_num_v2":"0 comments","jetpack_sharing_enabled":true,"_links":{"self":[{"href":"https:\/\/www.scoaladualasibiu.ro\/noutati\/wp-json\/wp\/v2\/pages\/75","targetHints":{"allow":["GET"]}}],"collection":[{"href":"https:\/\/www.scoaladualasibiu.ro\/noutati\/wp-json\/wp\/v2\/pages"}],"about":[{"href":"https:\/\/www.scoaladualasibiu.ro\/noutati\/wp-json\/wp\/v2\/types\/page"}],"author":[{"embeddable":true,"href":"https:\/\/www.scoaladualasibiu.ro\/noutati\/wp-json\/wp\/v2\/users\/1"}],"replies":[{"embeddable":true,"href":"https:\/\/www.scoaladualasibiu.ro\/noutati\/wp-json\/wp\/v2\/comments?post=75"}],"version-history":[{"count":33,"href":"https:\/\/www.scoaladualasibiu.ro\/noutati\/wp-json\/wp\/v2\/pages\/75\/revisions"}],"predecessor-version":[{"id":378,"href":"https:\/\/www.scoaladualasibiu.ro\/noutati\/wp-json\/wp\/v2\/pages\/75\/revisions\/378"}],"wp:attachment":[{"href":"https:\/\/www.scoaladualasibiu.ro\/noutati\/wp-json\/wp\/v2\/media?parent=75"}],"curies":[{"name":"wp","href":"https:\/\/api.w.org\/{rel}","templated":true}]}}